{"id":7696,"date":"2021-08-05T10:11:52","date_gmt":"2021-08-05T10:11:52","guid":{"rendered":"https:\/\/www.universolorca.com\/vinculo-obra-literar\/poe_07-55\/"},"modified":"2021-08-05T10:11:52","modified_gmt":"2021-08-05T10:11:52","slug":"poe_07-55","status":"publish","type":"vinculo_obra_literar","link":"https:\/\/www.universolorca.com\/en\/vinculo-obra-literar\/poe_07-55\/","title":{"rendered":"POE_07-55"},"content":{"rendered":"<p>In December 2017, a tribute event to Ignacio S\u00e1nchez Mej\u00edas and the Generation of &#8217;27 was organized. The Extremaduran bullfighter Miguel \u00c1ngel Perera emulated S\u00e1nchez Mej\u00edas at the Seville Athenaeum. The air of the 1927 tribute to G\u00f3ngora was there. The philosopher Fernando Savater, the tenor Pl\u00e1cido Domingo, the poet Carlos Marzal, the musician Javier Perianes, the actor Juan Echanove, different authorities and representatives of Spanish society participated. The event, as in December 1927, ended with a party at the estate that belonged to Ignacio S\u00e1nchez Mej\u00edas, Pino Montano (Seville).<\/p>\n","protected":false},"template":"","class_list":["post-7696","vinculo_obra_literar","type-vinculo_obra_literar","status-publish","hentry"],"_links":{"self":[{"href":"https:\/\/www.universolorca.com\/en\/wp-json\/wp\/v2\/vinculo_obra_literar\/7696"}],"collection":[{"href":"https:\/\/www.universolorca.com\/en\/wp-json\/wp\/v2\/vinculo_obra_literar"}],"about":[{"href":"https:\/\/www.universolorca.com\/en\/wp-json\/wp\/v2\/types\/vinculo_obra_literar"}],"wp:attachment":[{"href":"https:\/\/www.universolorca.com\/en\/wp-json\/wp\/v2\/media?parent=7696"}],"curies":[{"name":"wp","href":"https:\/\/api.w.org\/{rel}","templated":true}]}}