{"id":8719,"date":"2018-12-03T11:57:55","date_gmt":"2018-12-03T11:57:55","guid":{"rendered":"https:\/\/www.universolorca.com\/lugar\/the-house-where-lorca-was-born-in-fuente-vaqueros\/"},"modified":"2022-01-27T10:40:01","modified_gmt":"2022-01-27T10:40:01","slug":"the-house-where-lorca-was-born-in-fuente-vaqueros","status":"publish","type":"lugar","link":"https:\/\/www.universolorca.com\/en\/lugar\/the-house-where-lorca-was-born-in-fuente-vaqueros\/","title":{"rendered":"The house where Lorca was born in Fuente Vaqueros"},"content":{"rendered":"<p>Federico Garc\u00eda Lorca came into the world in the house at number 4 Trinidad Street in Fuente Vaqueros (today Federico Garc\u00eda Lorca Street) at &#8220;twelve o&#8217;clock at night&#8221; on June 5, 1898 and was baptized six days later with the name of Federico del Sagrado Coraz\u00f3n de Jes\u00fas (Federico of the Sacred Heart of Jesus).<\/p>\n<p>His parents were <a href=\"https:\/\/www.universolorca.com\/en\/personaje\/garcia-rodriguez-federico\/\">Federico Garc\u00eda Rodr\u00edguez<\/a>, a wealthy farmer and owner of numerous lands in the Vega, who had been widowed by his first wife, Matilde Palacios, a few years earlier, and <a href=\"https:\/\/www.universolorca.com\/en\/personaje\/lorca-romero-vicenta\/\">Vicenta Lorca Romero<\/a>, a teacher assigned to the school of Fuente Vaqueros in 1893, a year after obtaining her degree. Vicenta arrived in the town accompanied by her mother, who died a few months later.<\/p>\n<p>The couple remained in the house on Trinidad Street for only a few years. In 1901, they moved to Iglesia street where the family resided until their move, in 1906, to the neighboring village of <a href=\"https:\/\/www.universolorca.com\/en\/lugar\/casa-familiar-de-valderrubio\/\">Asquerosa (Disgusting)<\/a> (Valderrubio) where business demanded the presence of Federico Garc\u00eda Rodr\u00edguez. The nucleus of the Garc\u00eda Lorca family expanded rapidly. After Federico came Luis, who did not survive; <a href=\"https:\/\/www.universolorca.com\/en\/personaje\/garcia-lorca-francisco\/\">Francisco<\/a> (1902), <a href=\"https:\/\/www.universolorca.com\/en\/personaje\/garcia-lorca-concha\/\">Concha<\/a> (1903) and years later, in 1909, already installed in the Granada apartment, <a href=\"https:\/\/www.universolorca.com\/en\/personaje\/garcia-lorca-isabel\/\">Isabel<\/a>.<\/p>\n<blockquote><p>His interests were puppets and music.\u00a0His favorite game consisted of saying mass. He would sit his brother Francisco and other children down and, covered himself with woven fabric gowns, he would \u2018<em>officiate&#8217;<\/em> the mass on one condition: that the audience would burst into tears during the sermon.<\/p><\/blockquote>\n<p>The <a href=\"https:\/\/www.universolorca.com\/en\/recursos\/federico-garcia-lorca-birthplace-museum-in-fuente-vaqueros\/\">Garc\u00eda Lorca Birthplace Museum<\/a> was inaugurated on July 29, 1986 on the 50th anniversary of his shooting. The house was acquired in 1982 by the Diputaci\u00f3n de Granada and rebuilt under the supervision of Isabel Garc\u00eda Lorca. It was the first museum dedicated to the poet in Granada.<\/p>\n<p>Subsequently, in 1998, on the occasion of the centenary of the birth, the <a href=\"https:\/\/www.universolorca.com\/en\/lugar\/centro-de-estudios-lorquianos-de-fuente-vaqueros\/\">Federico Garc\u00eda Lorca Research Center<\/a> was opened in the building of the old schools, to store and make available to investigators the important archive on Lorca indicating purchases and donations. <strong>The poet <a href=\"https:\/\/www.universolorca.com\/en\/personaje\/garcia-perez-juan-de-loxa\/\">Juan de Loxa<\/a> was the first director of the House-Museum<\/strong> and the driving force behind the Research Center, the continuous cultural activities dedicated to Federico and the donations from friends and colleagues.<\/p>\n<figure id=\"attachment_8720\" class=\"thumbnail wp-caption aligncenter\" style=\"width: 785px\"><a href=\"https:\/\/www.universolorca.com\/wp-content\/uploads\/2018\/12\/V01_OLD_Lorca-en-su-caballo-de-carton.jpg\"><img loading=\"lazy\" decoding=\"async\" class=\"wp-image-8720 size-full\" src=\"https:\/\/www.universolorca.com\/wp-content\/uploads\/2018\/12\/V01_OLD_Lorca-en-su-caballo-de-carton.jpg\" alt=\"Lorca child in his birthplace in Fuente Vaqueros, on the back of a wooden horse.\" width=\"775\" height=\"1200\" srcset=\"https:\/\/www.universolorca.com\/wp-content\/uploads\/2018\/12\/V01_OLD_Lorca-en-su-caballo-de-carton.jpg 775w, https:\/\/www.universolorca.com\/wp-content\/uploads\/2018\/12\/V01_OLD_Lorca-en-su-caballo-de-carton-194x300.jpg 194w, https:\/\/www.universolorca.com\/wp-content\/uploads\/2018\/12\/V01_OLD_Lorca-en-su-caballo-de-carton-768x1189.jpg 768w, https:\/\/www.universolorca.com\/wp-content\/uploads\/2018\/12\/V01_OLD_Lorca-en-su-caballo-de-carton-661x1024.jpg 661w, https:\/\/www.universolorca.com\/wp-content\/uploads\/2018\/12\/V01_OLD_Lorca-en-su-caballo-de-carton-181x280.jpg 181w, https:\/\/www.universolorca.com\/wp-content\/uploads\/2018\/12\/V01_OLD_Lorca-en-su-caballo-de-carton-330x511.jpg 330w, https:\/\/www.universolorca.com\/wp-content\/uploads\/2018\/12\/V01_OLD_Lorca-en-su-caballo-de-carton-242x375.jpg 242w, https:\/\/www.universolorca.com\/wp-content\/uploads\/2018\/12\/V01_OLD_Lorca-en-su-caballo-de-carton-291x450.jpg 291w\" sizes=\"(max-width: 775px) 100vw, 775px\" \/><\/a><figcaption class=\"caption wp-caption-text\">Lorca as a child in his birthplace in Fuente Vaqueros, on the back of a wooden horse. \/ Photo: FGL Foundation<\/figcaption><\/figure>\n<p><span style=\"font-size: 16px;\">In 1928, in an interview by Ernesto Gim\u00e9nez Caballero published in <\/span><em style=\"font-size: 16px;\">La Gaceta Literaria,<\/em><span style=\"font-size: 16px;\"> Lorca summarized his early years in Fuente Vaqueros as follows:<\/span><strong style=\"font-size: 16px;\"> &#8220;My childhood is the obsession of some silverware and some portraits of that other who could have been my mother, Matilde Palacios. My childhood is learning letters and music with my mother, being a rich boy in the village, bossy.&#8221;\u00a0<\/strong>Federico entered the village school very early. Thanks to his mother&#8217;s friendly relations with <a href=\"https:\/\/www.universolorca.com\/en\/personaje\/rodriguez-espinosa-antonio\/\">Antonio Rodr\u00edguez Espinosa<\/a>, the teacher who had succeeded her at the head of the kindergarten school in Fuente Vaqueros. Federico began his schooling at the age of four. Classes were in the morning and the afternoon was reserved for games. The teacher shared many of those afternoon leisure hours with Federico and followed his career as a poet and playwright with undisguised pride.<\/p>\n<p><strong>He was a withdrawn child and did not participate much in games.<\/strong> <a href=\"https:\/\/www.universolorca.com\/en\/personaje\/ramos-gonzalez-carmen\/\">Carmen Ramos<\/a>, daughter of the wet nurse who weaned Federico and friend of his childhood days, remembers him like this: &#8220;He never went out. Or rather, he only went out to accompany Do\u00f1a Vicenta, who was very pious, to church, or to go to school with Antonio&#8221;. His clumsy gait, his slow reflexes (he had flat feet and one leg slightly longer than the other) and the undisguised pride of belonging to a rich family encouraged his sedentary tastes.<\/p>\n<p>His favorite game consisted of saying mass. His other interests were puppets and music. &#8220;In the courtyard there was a small wall where he placed an image of the Virgin and some roses taken from the garden. In front of that improvised altar he would make his brother Francisco and me sit,&#8221; Carmen Ramos says. And once the spectators were seated and he had covered himself with woven fabric gowns, he would officiate the mass on one condition: that the audience would burst into tears during the sermon.<\/p>\n<p>Those theatrical masses in which Federico officiated as actor, director, decorator and scriptwriter persisted as an adult. <a href=\"https:\/\/www.universolorca.com\/en\/personaje\/angeles-ortiz-manuel\/\">Manuel \u00c1ngeles Ortiz<\/a> recalls how Federico, in his workshop in Madrid, when he was already living in the Residencia de Estudiantes (Students\u2019 Residence), &#8220;told us communicoon almost every day&#8221;. &#8220;Wrapped in some old brocades that I had, he would even go so far as to give us communion with pieces of sponge cake.&#8221; <strong>The initial masses in the Fuente Vaqueros house gave way to a less solemn and permanent theater: the puppet theater.<\/strong> A puppet company arrived one year in Fuente Vaqueros and captivated the boy, so much so that he began to produce his own performances. &#8220;All of us recognized ourselves in Federico&#8217;s puppets: my mother, Don Antonio, the servants and me&#8230; In the same way we recognized ourselves later in one or another of his plays,&#8221; explains Carmen Ramos.<\/p>\n<p>A cousin of Federico&#8217;s, <a href=\"https:\/\/www.universolorca.com\/en\/personaje\/garcia-picossi-clotilde\/\">Clotilde Garc\u00eda Picossi<\/a>, revealed to journalist Antonio Ramos Espejo <strong>Federico&#8217;s first appearance on stage when he was just a few years old, in Fuente Vaqueros:<\/strong> &#8220;There was a man who liked theater very much; he was the son of an chemist. And he arranged for us to represent <em>The Joy of the Garden<\/em>. Then, I would take my cousin Federico by the hand. I was eight or ten years old, and Federico, very young, would hold my hand dressed as a gypsy. There was a gypsy girl singing with her babies. It was a theater for fun. We also did <em>The Altar Boy<\/em> and others&#8230; We did the theater in the yard. People could see us even from the rooftops. We already gave sessions for money and everything. In Fuente Vaqueros many people loved the theater&#8221;.<\/p>\n<figure id=\"attachment_8722\" class=\"thumbnail wp-caption aligncenter\" style=\"width: 1210px\"><a href=\"https:\/\/www.universolorca.com\/wp-content\/uploads\/2018\/12\/V01_OLD_Lorca-en-el-parvulario-de-Fuente-Vaqueros-con-su-maestro-Antonio-Rodriguez-Espinosa.jpg\"><img loading=\"lazy\" decoding=\"async\" class=\"wp-image-8722 size-full\" src=\"https:\/\/www.universolorca.com\/wp-content\/uploads\/2018\/12\/V01_OLD_Lorca-en-el-parvulario-de-Fuente-Vaqueros-con-su-maestro-Antonio-Rodriguez-Espinosa.jpg\" alt=\"Photo of the students of the kindergarten of Fuente Vaqueros, with Federico Garc\u00eda Lorca sitting on the floor and wearing a big hat. Their teacher Antonio Rodr\u00edguez Espinosa poses with them.\" width=\"1200\" height=\"802\" srcset=\"https:\/\/www.universolorca.com\/wp-content\/uploads\/2018\/12\/V01_OLD_Lorca-en-el-parvulario-de-Fuente-Vaqueros-con-su-maestro-Antonio-Rodriguez-Espinosa.jpg 1200w, https:\/\/www.universolorca.com\/wp-content\/uploads\/2018\/12\/V01_OLD_Lorca-en-el-parvulario-de-Fuente-Vaqueros-con-su-maestro-Antonio-Rodriguez-Espinosa-300x201.jpg 300w, https:\/\/www.universolorca.com\/wp-content\/uploads\/2018\/12\/V01_OLD_Lorca-en-el-parvulario-de-Fuente-Vaqueros-con-su-maestro-Antonio-Rodriguez-Espinosa-768x513.jpg 768w, https:\/\/www.universolorca.com\/wp-content\/uploads\/2018\/12\/V01_OLD_Lorca-en-el-parvulario-de-Fuente-Vaqueros-con-su-maestro-Antonio-Rodriguez-Espinosa-1024x684.jpg 1024w, https:\/\/www.universolorca.com\/wp-content\/uploads\/2018\/12\/V01_OLD_Lorca-en-el-parvulario-de-Fuente-Vaqueros-con-su-maestro-Antonio-Rodriguez-Espinosa-200x134.jpg 200w, https:\/\/www.universolorca.com\/wp-content\/uploads\/2018\/12\/V01_OLD_Lorca-en-el-parvulario-de-Fuente-Vaqueros-con-su-maestro-Antonio-Rodriguez-Espinosa-330x221.jpg 330w, https:\/\/www.universolorca.com\/wp-content\/uploads\/2018\/12\/V01_OLD_Lorca-en-el-parvulario-de-Fuente-Vaqueros-con-su-maestro-Antonio-Rodriguez-Espinosa-561x375.jpg 561w, https:\/\/www.universolorca.com\/wp-content\/uploads\/2018\/12\/V01_OLD_Lorca-en-el-parvulario-de-Fuente-Vaqueros-con-su-maestro-Antonio-Rodriguez-Espinosa-272x182.jpg 272w, https:\/\/www.universolorca.com\/wp-content\/uploads\/2018\/12\/V01_OLD_Lorca-en-el-parvulario-de-Fuente-Vaqueros-con-su-maestro-Antonio-Rodriguez-Espinosa-673x450.jpg 673w\" sizes=\"(max-width: 1200px) 100vw, 1200px\" \/><\/a><figcaption class=\"caption wp-caption-text\">Photo of the students of the Fuente Vaqueros kindergarten, with Federico Garc\u00eda Lorca in the center, wearing a big hat. Their teacher and mentor Antonio Rodr\u00edguez Espinosa poses with them \/ Photo: FGL Foundation<\/figcaption><\/figure>\n<p><strong>Music was his other great passion.<\/strong> The large Garc\u00eda family used to entertain their gatherings by singing and chanting popular songs. In them a good part of Andalusian and flamenco folklore was summarized. By the age of eight Federico knew more than a hundred popular ballads. His contact and learning of cultured music, however, would not occur until the family moved to Granada, in 1908, and the beginning of classes with another memorable character: <a href=\"https:\/\/www.universolorca.com\/en\/personaje\/segura-mesa-antonio\/\">Antonio Segura Mesa<\/a>, a notable composer without success who was also the teacher of the composer <a href=\"https:\/\/www.universolorca.com\/en\/personaje\/barrios-fernandez-angel\/\">\u00c1ngel Barrios<\/a>, of the master Francisco Alonso and to whom Federico dedicated <a href=\"https:\/\/www.universolorca.com\/en\/obra-literaria\/impresiones-y-paisajes\/\"><em>Impressions and Landscapes<\/em><\/a>, his first book.<\/p>\n<blockquote><p>Federico lived at one with nature. He ascribed to each thing, furniture, object, tree, stone, a personality. &#8220;He conversed with them and loved them.&#8221; In the courtyard of the house there was a row of musical poplar trees that seemed to talk to each other when the wind moved their branches.<\/p><\/blockquote>\n<p><strong>Reading also occupied an essential place in the child&#8217;s upbringing.<\/strong> Vicenta Lorca was a great fan of Victor Hugo&#8217;s novels, which she read aloud and which left obvious traces in Lorca&#8217;s early work. &#8220;From the time he first heard his mother read Victor Hugo aloud until he found a voice seasoned with the <a href=\"https:\/\/www.universolorca.com\/en\/obra-literaria\/suites\/\"><em>Suites <\/em><\/a>and the <a href=\"https:\/\/www.universolorca.com\/en\/obra-literaria\/poema-del-cante-jondo\/\"><em>Poem of the Deep Song<\/em><\/a>, the young writer was searching for himself, wondering about his words as a way of understanding his own identity,&#8221; writes Luis Garc\u00eda Montero in <em>A Reader Called Federico Garc\u00eda Lorca<\/em>. Hugo was later joined by Hesiod, Plato and Shakespeare. And then Ibsen, Maeterlinck and Verlaine. Later came Oscar Wilde, Rub\u00e9n Dar\u00edo, Antonio Machado and <a href=\"https:\/\/www.universolorca.com\/en\/personaje\/jimenez-mantecon-juan-ramon\/\">Juan Ram\u00f3n Jim\u00e9nez<\/a>, who &#8220;facilitated an intimate dialogue in which Federico Garc\u00eda Lorca found his meaning when writing,&#8221; according to Luis Garc\u00eda Montero in his study.<\/p>\n<p><strong>But the great influence Federico received in those early years was that of the splendid rural landscape of the Vega de Granada<\/strong> and the extension of nature. &#8220;Being a child,&#8221; he declared in 1934 in Buenos Aires, &#8220;I lived at one with nature. Like all children, I attributed to each thing, furniture, object, tree, stone, its personality. I conversed with them and loved them&#8221;. In the courtyard of the house there was a row of musical poplars that seemed to talk to each other when the wind moved their branches. &#8220;I used to spend hours accompanying the song of the poplars with my voice. Another day I stopped in amazement. Someone was pronouncing my name, separating the syllables as if spelling: &#8216;Fe&#8230; de&#8230; de&#8230; ri&#8230; co&#8217;. I looked around and saw no one. However, my name was still ringing in my ears. After listening for a long time, I found the reason. It was the branches of an old poplar tree that were brushing against each other and producing a monotonous, plaintive noise that sounded like my name to me.&#8221;<\/p>\n<figure id=\"attachment_8724\" class=\"thumbnail wp-caption aligncenter\" style=\"width: 809px\"><a href=\"https:\/\/www.universolorca.com\/wp-content\/uploads\/2018\/12\/V01_OLD_Lorca-nino-en-Fuente-Vaqueros-e1548676201390.jpg\"><img loading=\"lazy\" decoding=\"async\" class=\"wp-image-8724 size-full\" src=\"https:\/\/www.universolorca.com\/wp-content\/uploads\/2018\/12\/V01_OLD_Lorca-nino-en-Fuente-Vaqueros-e1548676201390.jpg\" alt=\"Portrait of Federico Garc\u00eda Lorca as a child in Fuente Vaqueros.\" width=\"799\" height=\"1186\" srcset=\"https:\/\/www.universolorca.com\/wp-content\/uploads\/2018\/12\/V01_OLD_Lorca-nino-en-Fuente-Vaqueros-e1548676201390.jpg 799w, https:\/\/www.universolorca.com\/wp-content\/uploads\/2018\/12\/V01_OLD_Lorca-nino-en-Fuente-Vaqueros-e1548676201390-202x300.jpg 202w, https:\/\/www.universolorca.com\/wp-content\/uploads\/2018\/12\/V01_OLD_Lorca-nino-en-Fuente-Vaqueros-e1548676201390-768x1140.jpg 768w, https:\/\/www.universolorca.com\/wp-content\/uploads\/2018\/12\/V01_OLD_Lorca-nino-en-Fuente-Vaqueros-e1548676201390-690x1024.jpg 690w, https:\/\/www.universolorca.com\/wp-content\/uploads\/2018\/12\/V01_OLD_Lorca-nino-en-Fuente-Vaqueros-e1548676201390-189x280.jpg 189w, https:\/\/www.universolorca.com\/wp-content\/uploads\/2018\/12\/V01_OLD_Lorca-nino-en-Fuente-Vaqueros-e1548676201390-330x490.jpg 330w, https:\/\/www.universolorca.com\/wp-content\/uploads\/2018\/12\/V01_OLD_Lorca-nino-en-Fuente-Vaqueros-e1548676201390-253x375.jpg 253w, https:\/\/www.universolorca.com\/wp-content\/uploads\/2018\/12\/V01_OLD_Lorca-nino-en-Fuente-Vaqueros-e1548676201390-303x450.jpg 303w\" sizes=\"(max-width: 799px) 100vw, 799px\" \/><\/a><figcaption class=\"caption wp-caption-text\">Portrait of Federico Garc\u00eda Lorca as a child in Fuente Vaqueros. \/ Photo: FGL Foundation<\/figcaption><\/figure>\n<p><strong>In Fuente Vaqueros, Federico, a rich boy, also experienced the feeling of social injustice.<\/strong> In <em>My Little Blonde Friend<\/em>, included in <em>My Village<\/em>, Federico recalls the story of a poor family in Fuente Vaqueros and, in particular, of the mother, whom he calls &#8220;martyr of life and work&#8221;. &#8220;Many times she would tell me: `Child, tomorrow don&#8217;t come, because we will wash our clothes&#8230;&#8217; And I would not go. And I wouldn&#8217;t go. What tragedies, so deep and so quiet! I couldn&#8217;t go because they were naked and terrified of cold, washing their rags, the only ones they had. &#8230;. That is why when I returned to my house and looked at the closet, loaded with clean and scented clothes, I felt great uneasiness and a cold weight in my heart&#8221;.<\/p>\n<p>Lorca&#8217;s relationship with his hometown was never clouded. On the contrary. May 21, 1929. La Fuente, as Fuente Vaqueros is popularly known, paid tribute to him after the premiere in Granada of <a href=\"https:\/\/www.universolorca.com\/en\/obra-literaria\/mariana-pineda\/\"><em>Mariana Pineda<\/em><\/a>. His brief intervention was precisely about villages and fountains: &#8220;A village without a fountain is closed, as if darkened, and each house is a world apart that defends from the neighbor. Fountain is the name of this village. A fountain that has its heart in the source of beneficial water&#8221;.<\/p>\n<p>Already in full Republic, in 1931, during the first days of September, Lorca read in his town the <em>Allocution to Fuente Vaqueros<\/em> on the occasion of the inauguration of the library. The allocution is a continuous praise of his town and a &#8220;modest and small lesson&#8221; about the &#8220;work it has cost mankind to get to make books to put them in all hands&#8221;. In it Lorca explains to his countrymen that &#8220;when in Madrid or elsewhere they ask me the place of my birth, in journalistic surveys or anywhere, I say that I was born in Fuente Vaqueros, so that the glory or the fame that has to do with me falls also on this very nice, very modern, on this playful and liberal people of the Fountain&#8221;. <strong>The <em>Allocution<\/em> also contains statements full of social commitment:<\/strong> &#8220;I, if I were hungry and helpless in the street, I would not ask for a loaf of bread but for half a loaf and a book. And from here I violently attack those who only talk about economic demands without ever mentioning cultural ones&#8221;.<\/p>\n","protected":false},"featured_media":8726,"template":"","inters_del_lugar":[119],"ruta":[120],"class_list":["post-8719","lugar","type-lugar","status-publish","has-post-thumbnail","hentry","inters_del_lugar-indispensable","ruta-route-of-la-vega"],"trid":"158","_links":{"self":[{"href":"https:\/\/www.universolorca.com\/en\/wp-json\/wp\/v2\/lugar\/8719"}],"collection":[{"href":"https:\/\/www.universolorca.com\/en\/wp-json\/wp\/v2\/lugar"}],"about":[{"href":"https:\/\/www.universolorca.com\/en\/wp-json\/wp\/v2\/types\/lugar"}],"wp:featuredmedia":[{"embeddable":true,"href":"https:\/\/www.universolorca.com\/en\/wp-json\/wp\/v2\/media\/8726"}],"wp:attachment":[{"href":"https:\/\/www.universolorca.com\/en\/wp-json\/wp\/v2\/media?parent=8719"}],"wp:term":[{"taxonomy":"inters_del_lugar","embeddable":true,"href":"https:\/\/www.universolorca.com\/en\/wp-json\/wp\/v2\/inters_del_lugar?post=8719"},{"taxonomy":"ruta","embeddable":true,"href":"https:\/\/www.universolorca.com\/en\/wp-json\/wp\/v2\/ruta?post=8719"}],"curies":[{"name":"wp","href":"https:\/\/api.w.org\/{rel}","templated":true}]}}